{"id":2046,"date":"2023-12-29T12:13:39","date_gmt":"2023-12-29T15:13:39","guid":{"rendered":"https:\/\/abbabrasil.org.br\/?page_id=2046"},"modified":"2024-07-18T12:57:04","modified_gmt":"2024-07-18T15:57:04","slug":"politica-de-direito-dos-titulares","status":"publish","type":"page","link":"https:\/\/abbabrasil.org.br\/en\/politica-de-direito-dos-titulares\/","title":{"rendered":"Owners' Rights Policy"},"content":{"rendered":"<h1 class=\"wp-block-heading has-text-align-center\"><strong><u>POL\u00cdTICA DE DIREITOS DOS TITULARES<\/u><\/strong><\/h1>\r\n\r\n\r\n\r\n<div class=\"wp-block-spacer\" style=\"height: 30px;\" aria-hidden=\"true\">\u00a0<\/div>\r\n\r\n\r\n\r\n<p>A Lei Geral de Prote\u00e7\u00e3o de Dados Pessoais (Lei n\u00ba 13.709\/2018), tamb\u00e9m conhecida como LGPD, \u00e9 a lei respons\u00e1vel pela regula\u00e7\u00e3o das atividades de tratamento de dados pessoais no Brasil.<\/p>\r\n\r\n\r\n\r\n<p>Inspirada pelo Regulamento Geral sobre Prote\u00e7\u00e3o de Dados europeu (GDPR), a LGPD surgiu em meio a uma tend\u00eancia mundial e diante da necessidade de regular o uso de dados pessoais por indiv\u00edduos e empresas em suas atividades comerciais di\u00e1rias.<\/p>\r\n\r\n\r\n\r\n<p>A Lei Geral de Prote\u00e7\u00e3o de Dados Pessoais (LGPD) assegura uma s\u00e9rie de direitos a voc\u00ea cidad\u00e3o, pessoa f\u00edsica e titular dos dados.<\/p>\r\n\r\n\r\n\r\n<p>Com o objetivo de conscientizar e trazer informa\u00e7\u00f5es aos titulares de dados, a <strong>ABBA<\/strong> criou este espa\u00e7o did\u00e1tico, para que voc\u00ea, titular, possa tirar suas d\u00favidas sobre quais s\u00e3o seus direitos e como voc\u00ea pode exerc\u00ea-los.<\/p>\r\n\r\n\r\n\r\n<div class=\"wp-block-spacer\" style=\"height: 30px;\" aria-hidden=\"true\">\u00a0<\/div>\r\n\r\n\r\n\r\n<h4 class=\"wp-block-heading\"><strong>1. Conceitos que voc\u00ea deve saber<\/strong><\/h4>\r\n\r\n\r\n\r\n<ul class=\"wp-block-list\">\r\n<li><strong>\u00a0Consentimento:<\/strong> Manifesta\u00e7\u00e3o livre, informada e inequ\u00edvoca pela qual o titular concorda com o tratamento de seus dados pessoais para uma finalidade determinada.<\/li>\r\n\r\n\r\n\r\n<li><strong>Controlador<\/strong>: Pessoa natural ou jur\u00eddica, de direito p\u00fablico ou privado, a quem competem as decis\u00f5es referentes ao tratamento de dados pessoais.<\/li>\r\n\r\n\r\n\r\n<li><strong>Dado Pessoal:<\/strong> Toda e qualquer informa\u00e7\u00e3o relacionada \u00e0 pessoa natural (f\u00edsica) identificada ou identific\u00e1vel. Ou seja, o conceito abrange informa\u00e7\u00f5es pessoais diretas, como nome, RG, CPF e endere\u00e7o, bem como indiretas, como dados de localiza\u00e7\u00e3o e demais identificadores eletr\u00f4nicos.<\/li>\r\n\r\n\r\n\r\n<li><strong>Elimina\u00e7\u00e3o:<\/strong> exclus\u00e3o do dado ou de conjunto de dados armazenados em banco de dados, independentemente do procedimento empregado;<\/li>\r\n\r\n\r\n\r\n<li><strong>Encarregado pelo tratamento de dados pessoais\/Data Protection officer (DPO): <\/strong>pessoa indicada pela institui\u00e7\u00e3o para atuar como canal de comunica\u00e7\u00e3o entre o controlador e os titulares dos dados e a Autoridade Nacional de Prote\u00e7\u00e3o de Dados (ANPD);<\/li>\r\n\r\n\r\n\r\n<li><strong>Lei Geral de Prote\u00e7\u00e3o de Dados (LGPD): <\/strong>Disp\u00f5e sobre o tratamento de dados pessoais, inclusive nos meios digitais, por pessoa natural ou por pessoa jur\u00eddica de direito p\u00fablico ou privado, com o objetivo de proteger os direitos fundamentais de liberdade e de privacidade e o livre desenvolvimento da personalidade da pessoa natural.<\/li>\r\n\r\n\r\n\r\n<li><strong>Operador:<\/strong> Pessoa natural ou jur\u00eddica, de direito p\u00fablico ou privado, que realiza o tratamento de dados pessoais em nome do controlador.<\/li>\r\n\r\n\r\n\r\n<li><strong>Titular: <\/strong>Pessoa natural a quem se referem os dados pessoais que s\u00e3o objeto de tratamento.<\/li>\r\n\r\n\r\n\r\n<li><strong>Tratamento de dados:<\/strong> Toda opera\u00e7\u00e3o realizada com dados pessoais, como as que se referem a coleta, produ\u00e7\u00e3o, recep\u00e7\u00e3o, classifica\u00e7\u00e3o, utiliza\u00e7\u00e3o, acesso, reprodu\u00e7\u00e3o, transmiss\u00e3o, distribui\u00e7\u00e3o, processamento, arquivamento, armazenamento, elimina\u00e7\u00e3o, avalia\u00e7\u00e3o ou controle da informa\u00e7\u00e3o, modifica\u00e7\u00e3o, comunica\u00e7\u00e3o, transfer\u00eancia, difus\u00e3o ou extra\u00e7\u00e3o.<\/li>\r\n<\/ul>\r\n\r\n\r\n\r\n<div class=\"wp-block-spacer\" style=\"height: 30px;\" aria-hidden=\"true\">\u00a0<\/div>\r\n\r\n\r\n\r\n<h4 class=\"wp-block-heading\"><strong>2. Quais s\u00e3o meus direitos como titular?<\/strong><\/h4>\r\n\r\n\r\n\r\n<p>A LGPD concede a voc\u00ea titular determinados direitos no que diz respeito ao tratamento dos seus dados pessoais. S\u00e3o eles:<\/p>\r\n\r\n\r\n\r\n<p>I - Confirma\u00e7\u00e3o da exist\u00eancia de tratamento;<\/p>\r\n\r\n\r\n\r\n<p>II - Acesso aos dados;<\/p>\r\n\r\n\r\n\r\n<p>III - Corre\u00e7\u00e3o de dados incompletos, inexatos ou desatualizados;<\/p>\r\n\r\n\r\n\r\n<p>IV - Anonimiza\u00e7\u00e3o ou bloqueio;<\/p>\r\n\r\n\r\n\r\n<p>V - Portabilidade dos dados;<\/p>\r\n\r\n\r\n\r\n<p>VI - Elimina\u00e7\u00e3o dos dados pessoais ou oposi\u00e7\u00e3o ao tratamento;<\/p>\r\n\r\n\r\n\r\n<p>VII - informa\u00e7\u00e3o sobre o compartilhado de dados;<\/p>\r\n\r\n\r\n\r\n<p>VIII - Informa\u00e7\u00e3o sobre as consequ\u00eancias da revoga\u00e7\u00e3o;<\/p>\r\n\r\n\r\n\r\n<p>IX - Revoga\u00e7\u00e3o do consentimento.<\/p>\r\n\r\n\r\n\r\n<p><strong>! <\/strong>Voc\u00ea tamb\u00e9m poder\u00e1 enviar pedidos ou reclama\u00e7\u00f5es relativas ao tratamento dos seus dados pessoais \u00e0 Autoridade Nacional de Prote\u00e7\u00e3o de Dados. A seguir, vamos elencar, cada um desses direitos:<\/p>\r\n\r\n\r\n\r\n<div class=\"wp-block-spacer\" style=\"height: 30px;\" aria-hidden=\"true\">\u00a0<\/div>\r\n\r\n\r\n\r\n<h4 class=\"wp-block-heading\"><strong>3. Confirmar a exist\u00eancia de tratamento dos seus dados pessoais<\/strong><\/h4>\r\n\r\n\r\n<div class=\"wp-block-image\">\r\n<figure class=\"aligncenter size-full\"><img decoding=\"async\" class=\"wp-image-5074\" src=\"https:\/\/abbabrasil.org.br\/wp-content\/uploads\/2022\/10\/Imagem1.png\" alt=\"\" \/><\/figure>\r\n<\/div>\r\n\r\n\r\n<p>Est\u00e1 na d\u00favida se mantemos dados pessoais sobre voc\u00ea? Fique tranquilo(a)! Voc\u00ea pode nos contatar para verificar e confirmar se n\u00f3s mantemos dados pessoais em rela\u00e7\u00e3o a voc\u00ea.<\/p>\r\n\r\n\r\n\r\n<div class=\"wp-block-spacer\" style=\"height: 30px;\" aria-hidden=\"true\">\u00a0<\/div>\r\n\r\n\r\n\r\n<h4 class=\"wp-block-heading\"><strong>4. Saber quais dados pessoais o ABBA det\u00e9m sobre voc\u00ea<\/strong><\/h4>\r\n\r\n\r\n<div class=\"wp-block-image\">\r\n<figure class=\"aligncenter size-full\"><img decoding=\"async\" class=\"wp-image-5076\" src=\"https:\/\/abbabrasil.org.br\/wp-content\/uploads\/2022\/10\/Imagem2.png\" alt=\"\" \/><\/figure>\r\n<\/div>\r\n\r\n\r\n<p>A LGPD assegura ao titular o acesso \u00e0 todas suas informa\u00e7\u00f5es pessoais tratadas. Desta forma, voc\u00ea titular pode requisitar a <strong>ABBA<\/strong> a c\u00f3pia de suas informa\u00e7\u00f5es tratadas e como o tratamento foi realizado.<\/p>\r\n\r\n\r\n\r\n<div class=\"wp-block-spacer\" style=\"height: 30px;\" aria-hidden=\"true\">\u00a0<\/div>\r\n\r\n\r\n\r\n<h4 class=\"wp-block-heading\"><strong>5. Solicitar a corre\u00e7\u00e3o dos seus dados pessoais<\/strong><\/h4>\r\n\r\n\r\n<div class=\"wp-block-image\">\r\n<figure class=\"aligncenter size-full\"><img decoding=\"async\" class=\"wp-image-5078\" src=\"https:\/\/abbabrasil.org.br\/wp-content\/uploads\/2022\/10\/Imagem3.png\" alt=\"\" \/><\/figure>\r\n<\/div>\r\n\r\n\r\n<p>Voc\u00ea identificou que algum dado est\u00e1 incompleto, inexato ou desatualizado? Voc\u00ea pode nos contatar e solicitar a corre\u00e7\u00e3o dos seus dados. Pedimos apenas que nos informem quais dados devem ser corrigidos e o motivo da corre\u00e7\u00e3o, assim nos ajuda a agilizar a sua solicita\u00e7\u00e3o.<\/p>\r\n\r\n\r\n\r\n<div class=\"wp-block-spacer\" style=\"height: 30px;\" aria-hidden=\"true\">\u00a0<\/div>\r\n\r\n\r\n\r\n<h4 class=\"wp-block-heading\"><strong>6. Excluir os dados pessoais que o ABBA det\u00e9m sobre voc\u00ea<\/strong><\/h4>\r\n\r\n\r\n<div class=\"wp-block-image\">\r\n<figure class=\"aligncenter size-full\"><img decoding=\"async\" class=\"wp-image-5079\" src=\"https:\/\/abbabrasil.org.br\/wp-content\/uploads\/2022\/10\/Imagem4.png\" alt=\"\" \/><\/figure>\r\n<\/div>\r\n\r\n\r\n<p>Voc\u00ea titular, mesmo que tenha concedido a autoriza\u00e7\u00e3o do tratamento de seus dados pessoais, poder\u00e1 solicitar a <strong>ABBA<\/strong> a elimina\u00e7\u00e3o de suas informa\u00e7\u00f5es por meio de requerimento expresso.<\/p>\r\n\r\n\r\n\r\n<p>A partir da sua solicita\u00e7\u00e3o, realizaremos a exclus\u00e3o dessas informa\u00e7\u00f5es de nossos registros internos, resguardando apenas os dados necess\u00e1rios ao cumprimento de obriga\u00e7\u00f5es legais e\/ou regulat\u00f3rias.<\/p>\r\n\r\n\r\n\r\n<div class=\"wp-block-spacer\" style=\"height: 30px;\" aria-hidden=\"true\">\u00a0<\/div>\r\n\r\n\r\n\r\n<h4 class=\"wp-block-heading\"><strong>7. Opor-se ao tratamento que a ABBA realiza com os seus dados pessoais<\/strong><\/h4>\r\n\r\n\r\n<div class=\"wp-block-image\">\r\n<figure class=\"aligncenter size-full\"><img decoding=\"async\" class=\"wp-image-5080\" src=\"https:\/\/abbabrasil.org.br\/wp-content\/uploads\/2022\/10\/Imagem5.png\" alt=\"\" \/><\/figure>\r\n<\/div>\r\n\r\n\r\n<p>Achou algo errado? Voc\u00ea tamb\u00e9m tem o direito de questionar a maneira como os seus dados pessoais s\u00e3o tratados com fundamento em uma das hip\u00f3teses de dispensa de consentimento, em caso de descumprimento ao disposto na LGPD.<\/p>\r\n\r\n\r\n\r\n<p>Assim, voc\u00ea dever\u00e1 explicar o motivo que deve justificar a interrup\u00e7\u00e3o do tratamento, que ser\u00e1 atendido e que ser\u00e1 avaliado pelo departamento respons\u00e1vel pela an\u00e1lise da solicita\u00e7\u00e3o.<\/p>\r\n\r\n\r\n\r\n<div class=\"wp-block-spacer\" style=\"height: 30px;\" aria-hidden=\"true\">\u00a0<\/div>\r\n\r\n\r\n\r\n<h4 class=\"wp-block-heading\"><strong>8. Solicitar a portabilidade dos seus dados pessoais<\/strong><\/h4>\r\n\r\n\r\n<div class=\"wp-block-image\">\r\n<figure class=\"aligncenter size-full\"><img decoding=\"async\" class=\"wp-image-5081\" src=\"https:\/\/abbabrasil.org.br\/wp-content\/uploads\/2022\/10\/Imagem6.png\" alt=\"\" \/><\/figure>\r\n<\/div>\r\n\r\n\r\n<p>Voc\u00ea poder\u00e1 solicitar a portabilidade de seus dados pessoais. No caso do exerc\u00edcio deste direito, voc\u00ea poder\u00e1 ser informado pela <strong>ABBA <\/strong>a impossibilidade de envio de algumas informa\u00e7\u00f5es que consistam em algum segredo comercial.<\/p>\r\n\r\n\r\n\r\n<div class=\"wp-block-spacer\" style=\"height: 30px;\" aria-hidden=\"true\">\u00a0<\/div>\r\n\r\n\r\n\r\n<h4 class=\"wp-block-heading\"><strong>9. Saber se h\u00e1 compartilhamento dos seus dados com terceiros<\/strong><\/h4>\r\n\r\n\r\n<div class=\"wp-block-image\">\r\n<figure class=\"aligncenter size-full\"><img decoding=\"async\" class=\"wp-image-5082\" src=\"https:\/\/abbabrasil.org.br\/wp-content\/uploads\/2022\/10\/Imagem7.png\" alt=\"\" \/><\/figure>\r\n<\/div>\r\n\r\n\r\n<p>Durante a sua rela\u00e7\u00e3o com a <strong>ABBA,<\/strong> os seus dados pessoais podem (ou n\u00e3o) ser compartilhados com organiza\u00e7\u00f5es privadas ou p\u00fablicas. Em caso positivo, enviaremos uma lista com essas Organiza\u00e7\u00f5es.<\/p>\r\n\r\n\r\n\r\n<div class=\"wp-block-spacer\" style=\"height: 30px;\" aria-hidden=\"true\">\u00a0<\/div>\r\n\r\n\r\n\r\n<h4 class=\"wp-block-heading\"><strong>10. Informa\u00e7\u00e3o sobre o consentimento dado a ABBA e revoga\u00e7\u00e3o<\/strong><\/h4>\r\n\r\n\r\n\r\n<p>E se voc\u00ea mudar de ideia? Nas situa\u00e7\u00f5es em que se faz necess\u00e1ria a obten\u00e7\u00e3o de consentimento do titular de dados pessoais para a realiza\u00e7\u00e3o de opera\u00e7\u00f5es de tratamento, este poder\u00e1 ser revogado a qualquer tempo mediante manifesta\u00e7\u00e3o expressa do titular, de forma simples, gratuita e facilmente dispon\u00edvel.<\/p>\r\n\r\n\r\n<div class=\"wp-block-image\">\r\n<figure class=\"aligncenter size-full\"><img decoding=\"async\" class=\"wp-image-5083\" src=\"https:\/\/abbabrasil.org.br\/wp-content\/uploads\/2022\/10\/Imagem8.png\" alt=\"\" \/><\/figure>\r\n<\/div>\r\n\r\n\r\n<div class=\"wp-block-spacer\" style=\"height: 30px;\" aria-hidden=\"true\">\u00a0<\/div>\r\n\r\n\r\n\r\n<h4 class=\"wp-block-heading\"><strong>11. Peticionar junto a Autoridade Nacional<\/strong><\/h4>\r\n\r\n\r\n<div class=\"wp-block-image\">\r\n<figure class=\"aligncenter size-full\"><img decoding=\"async\" class=\"wp-image-5084\" src=\"https:\/\/abbabrasil.org.br\/wp-content\/uploads\/2022\/10\/Imagem9.png\" alt=\"\" \/><\/figure>\r\n<\/div>\r\n\r\n\r\n<p>Voc\u00ea titular tamb\u00e9m tem o direito de peticionar em rela\u00e7\u00e3o aos seus dados perante a Autoridade Nacional de Prote\u00e7\u00e3o de Dados (ANPD).<\/p>\r\n\r\n\r\n\r\n<p>Para realizar qualquer manifesta\u00e7\u00e3o perante a Autoridade, acesse o link: <a href=\"https:\/\/www.gov.br\/anpd\/pt-br\" target=\"_blank\" rel=\"noreferrer noopener\">https:\/\/www.gov.br\/anpd\/pt-br<\/a><\/p>\r\n\r\n\r\n\r\n<div class=\"wp-block-spacer\" style=\"height: 30px;\" aria-hidden=\"true\">\u00a0<\/div>\r\n\r\n\r\n\r\n<h4 class=\"wp-block-heading\"><strong>12. Agora que eu sei dos meus direitos, como posso exerc\u00ea-los?<\/strong><\/h4>\r\n\r\n\r\n\r\n<p>A <strong>ABBA<\/strong> facilitar\u00e1 o exerc\u00edcio de direitos pelos titulares de dados, sempre que poss\u00edvel e nos termos da lei.<\/p>\r\n\r\n\r\n\r\n<p>Para exercitar os seus direitos, voc\u00ea pode nos contatar pelos seguintes canais de comunica\u00e7\u00e3o:<\/p>\r\n\r\n\r\n\r\n<ul class=\"wp-block-list\">\r\n<li>Pelo nosso <strong>Canal de Comunica\u00e7\u00e3o dos titulares<\/strong> acessando este <a href=\"https:\/\/abbabrasil.org.br\/en\/canal-de-comunicacao-com-os-titulares\/\" data-type=\"URL\" data-id=\"https:\/\/abbabrasil.org.br\/canal-de-comunicacao-com-os-titulares\/\">link <\/a>;<\/li>\r\n\r\n\r\n\r\n<li>Pelo e-mail <a href=\"mailto:dpo@abba.org.br\" target=\"_blank\" rel=\"noreferrer noopener\">dpo@abba.org.br<\/a>;\u00a0<\/li>\r\n\r\n\r\n\r\n<li>Por envio de correspond\u00eancia ao endere\u00e7o: Rua Frederico Rene de Jaegher, n\u00b0 1194, Jardim Sert\u00e3ozinho, S\u00e3o Paulo\/SP, CEP: 04826-222;<\/li>\r\n<\/ul>\r\n\r\n\r\n\r\n<div class=\"wp-block-spacer\" style=\"height: 30px;\" aria-hidden=\"true\">\u00a0<\/div>\r\n\r\n\r\n\r\n<p>Em caso de d\u00favidas ou sugest\u00f5es relacionados a esta Pol\u00edtica entre em contato com nosso Encarregado de Prote\u00e7\u00e3o de Dados\/DPO, o Sr. <strong>Mauric\u00e9lio Silva Ferreira<\/strong>, atrav\u00e9s do e-mail <a href=\"mailto:dpo@abba.org.br\" target=\"_blank\" rel=\"noreferrer noopener\">dpo@abba.org.br<\/a>.<\/p>\r\n\r\n\r\n\r\n<p>Sempre que voc\u00ea entrar em contato com a <strong>ABBA<\/strong> para o exerc\u00edcio de seus direitos, solicitaremos envio de comprova\u00e7\u00e3o da sua titularidade dos dados pessoais.<\/p>\r\n\r\n\r\n\r\n<p>Ressaltamos que a <strong>ABBA<\/strong> segue rigorosamente as normas de prote\u00e7\u00e3o de dados pessoais, e assumimos o compromisso de fazer o poss\u00edvel para esclarecer todas d\u00favidas e solicita\u00e7\u00f5es sobre o assunto no tempo mais c\u00e9lere poss\u00edvel.<\/p>\r\n\r\n\r\n\r\n<p>Para saber mais sobre nossas pr\u00e1ticas de privacidade e prote\u00e7\u00e3o de dados pessoais da <strong>ABBA<\/strong>, consulte nossa <a href=\"https:\/\/abbabrasil.org.br\/en\/politica-de-privacidade\/\" data-type=\"URL\" data-id=\"https:\/\/abbabrasil.org.br\/politica-de-privacidade\/\">Privacy Policy<\/a>.<\/p>\r\n\r\n\r\n\r\n<p class=\"has-text-align-right\">S\u00e3o Paulo, 24 de outubro de 2022.<\/p>\r\n\r\n\r\n<hr class=\"wp-block-separator aligncenter has-alpha-channel-opacity\" \/>\r\n\r\n\r\n<p class=\"has-text-align-center\"><strong>Associa\u00e7\u00e3o Brasileira Beneficente Aslan (ABBA)<\/strong><\/p>\r\n\r\n\r\n\r\n<p class=\"has-text-align-center\"><strong>CNPJ: 59.641.340\/0001-44<\/strong><\/p>","protected":false},"excerpt":{"rendered":"<p>POL\u00cdTICA DE DIREITOS DOS TITULARES A Lei Geral de Prote\u00e7\u00e3o de Dados Pessoais (Lei n\u00ba 13.709\/2018), tamb\u00e9m conhecida como LGPD, [&hellip;]<\/p>\n","protected":false},"author":1,"featured_media":0,"parent":0,"menu_order":0,"comment_status":"closed","ping_status":"closed","template":"","meta":{"_acf_changed":false,"footnotes":""},"class_list":["post-2046","page","type-page","status-publish","hentry"],"acf":[],"yoast_head":"<!-- This site is optimized with the Yoast SEO plugin v27.4 - https:\/\/yoast.com\/product\/yoast-seo-wordpress\/ -->\n<title>Pol\u00edtica de Direito dos Titulares | ABBA Brasil<\/title>\n<meta name=\"description\" content=\"Conhe\u00e7a a pol\u00edtica de direitos dos titulares da ABBA Brasil e veja como garantimos a transpar\u00eancia e prote\u00e7\u00e3o dos seus dados.\" \/>\n<meta name=\"robots\" content=\"index, follow, max-snippet:-1, max-image-preview:large, max-video-preview:-1\" \/>\n<link rel=\"canonical\" href=\"https:\/\/abbabrasil.org.br\/en\/politica-de-direito-dos-titulares\/\" \/>\n<meta property=\"og:locale\" content=\"en_US\" \/>\n<meta property=\"og:type\" content=\"article\" \/>\n<meta property=\"og:title\" content=\"Pol\u00edtica de Direito dos Titulares | ABBA Brasil\" \/>\n<meta property=\"og:description\" content=\"Conhe\u00e7a a pol\u00edtica de direitos dos titulares da ABBA Brasil e veja como garantimos a transpar\u00eancia e prote\u00e7\u00e3o dos seus dados.\" \/>\n<meta property=\"og:url\" content=\"https:\/\/abbabrasil.org.br\/en\/politica-de-direito-dos-titulares\/\" \/>\n<meta property=\"og:site_name\" content=\"ABBA Brasil\" \/>\n<meta property=\"article:publisher\" content=\"https:\/\/www.facebook.com\/AssociacaoBrasileiraBeneficenteAslan\" \/>\n<meta property=\"article:modified_time\" content=\"2024-07-18T15:57:04+00:00\" \/>\n<meta property=\"og:image\" content=\"https:\/\/abbabrasil.org.br\/wp-content\/uploads\/2022\/10\/Imagem1.png\" \/>\n<meta name=\"twitter:card\" content=\"summary_large_image\" \/>\n<meta name=\"twitter:label1\" content=\"Est. reading time\" \/>\n\t<meta name=\"twitter:data1\" content=\"9 minutes\" \/>\n<script type=\"application\/ld+json\" class=\"yoast-schema-graph\">{\"@context\":\"https:\\\/\\\/schema.org\",\"@graph\":[{\"@type\":\"WebPage\",\"@id\":\"https:\\\/\\\/abbabrasil.org.br\\\/en\\\/politica-de-direito-dos-titulares\\\/\",\"url\":\"https:\\\/\\\/abbabrasil.org.br\\\/en\\\/politica-de-direito-dos-titulares\\\/\",\"name\":\"Pol\u00edtica de Direito dos Titulares | ABBA Brasil\",\"isPartOf\":{\"@id\":\"https:\\\/\\\/abbabrasil.org.br\\\/en\\\/#website\"},\"primaryImageOfPage\":{\"@id\":\"https:\\\/\\\/abbabrasil.org.br\\\/en\\\/politica-de-direito-dos-titulares\\\/#primaryimage\"},\"image\":{\"@id\":\"https:\\\/\\\/abbabrasil.org.br\\\/en\\\/politica-de-direito-dos-titulares\\\/#primaryimage\"},\"thumbnailUrl\":\"https:\\\/\\\/abbabrasil.org.br\\\/wp-content\\\/uploads\\\/2022\\\/10\\\/Imagem1.png\",\"datePublished\":\"2023-12-29T15:13:39+00:00\",\"dateModified\":\"2024-07-18T15:57:04+00:00\",\"description\":\"Conhe\u00e7a a pol\u00edtica de direitos dos titulares da ABBA Brasil e veja como garantimos a transpar\u00eancia e prote\u00e7\u00e3o dos seus dados.\",\"breadcrumb\":{\"@id\":\"https:\\\/\\\/abbabrasil.org.br\\\/en\\\/politica-de-direito-dos-titulares\\\/#breadcrumb\"},\"inLanguage\":\"en-US\",\"potentialAction\":[{\"@type\":\"ReadAction\",\"target\":[\"https:\\\/\\\/abbabrasil.org.br\\\/en\\\/politica-de-direito-dos-titulares\\\/\"]}]},{\"@type\":\"ImageObject\",\"inLanguage\":\"en-US\",\"@id\":\"https:\\\/\\\/abbabrasil.org.br\\\/en\\\/politica-de-direito-dos-titulares\\\/#primaryimage\",\"url\":\"https:\\\/\\\/abbabrasil.org.br\\\/wp-content\\\/uploads\\\/2022\\\/10\\\/Imagem1.png\",\"contentUrl\":\"https:\\\/\\\/abbabrasil.org.br\\\/wp-content\\\/uploads\\\/2022\\\/10\\\/Imagem1.png\"},{\"@type\":\"BreadcrumbList\",\"@id\":\"https:\\\/\\\/abbabrasil.org.br\\\/en\\\/politica-de-direito-dos-titulares\\\/#breadcrumb\",\"itemListElement\":[{\"@type\":\"ListItem\",\"position\":1,\"name\":\"In\u00edcio\",\"item\":\"https:\\\/\\\/abbabrasil.org.br\\\/\"},{\"@type\":\"ListItem\",\"position\":2,\"name\":\"Pol\u00edtica de Direito dos Titulares\"}]},{\"@type\":\"WebSite\",\"@id\":\"https:\\\/\\\/abbabrasil.org.br\\\/en\\\/#website\",\"url\":\"https:\\\/\\\/abbabrasil.org.br\\\/en\\\/\",\"name\":\"Abba Brasil\",\"description\":\"Servindo crian\u00e7as, adolescentes e jovens\",\"publisher\":{\"@id\":\"https:\\\/\\\/abbabrasil.org.br\\\/en\\\/#organization\"},\"alternateName\":\"Abba\",\"potentialAction\":[{\"@type\":\"SearchAction\",\"target\":{\"@type\":\"EntryPoint\",\"urlTemplate\":\"https:\\\/\\\/abbabrasil.org.br\\\/en\\\/?s={search_term_string}\"},\"query-input\":{\"@type\":\"PropertyValueSpecification\",\"valueRequired\":true,\"valueName\":\"search_term_string\"}}],\"inLanguage\":\"en-US\"},{\"@type\":\"Organization\",\"@id\":\"https:\\\/\\\/abbabrasil.org.br\\\/en\\\/#organization\",\"name\":\"Abba\",\"alternateName\":\"Abba\",\"url\":\"https:\\\/\\\/abbabrasil.org.br\\\/en\\\/\",\"logo\":{\"@type\":\"ImageObject\",\"inLanguage\":\"en-US\",\"@id\":\"https:\\\/\\\/abbabrasil.org.br\\\/en\\\/#\\\/schema\\\/logo\\\/image\\\/\",\"url\":\"https:\\\/\\\/abbabrasil.org.br\\\/wp-content\\\/uploads\\\/2023\\\/11\\\/cropped-favicon-abba.webp\",\"contentUrl\":\"https:\\\/\\\/abbabrasil.org.br\\\/wp-content\\\/uploads\\\/2023\\\/11\\\/cropped-favicon-abba.webp\",\"width\":512,\"height\":512,\"caption\":\"Abba\"},\"image\":{\"@id\":\"https:\\\/\\\/abbabrasil.org.br\\\/en\\\/#\\\/schema\\\/logo\\\/image\\\/\"},\"sameAs\":[\"https:\\\/\\\/www.facebook.com\\\/AssociacaoBrasileiraBeneficenteAslan\",\"https:\\\/\\\/www.instagram.com\\\/abba.brasil\\\/\"]}]}<\/script>\n<!-- \/ Yoast SEO plugin. -->","yoast_head_json":{"title":"Pol\u00edtica de Direito dos Titulares | ABBA Brasil","description":"Conhe\u00e7a a pol\u00edtica de direitos dos titulares da ABBA Brasil e veja como garantimos a transpar\u00eancia e prote\u00e7\u00e3o dos seus dados.","robots":{"index":"index","follow":"follow","max-snippet":"max-snippet:-1","max-image-preview":"max-image-preview:large","max-video-preview":"max-video-preview:-1"},"canonical":"https:\/\/abbabrasil.org.br\/en\/politica-de-direito-dos-titulares\/","og_locale":"en_US","og_type":"article","og_title":"Pol\u00edtica de Direito dos Titulares | ABBA Brasil","og_description":"Conhe\u00e7a a pol\u00edtica de direitos dos titulares da ABBA Brasil e veja como garantimos a transpar\u00eancia e prote\u00e7\u00e3o dos seus dados.","og_url":"https:\/\/abbabrasil.org.br\/en\/politica-de-direito-dos-titulares\/","og_site_name":"ABBA Brasil","article_publisher":"https:\/\/www.facebook.com\/AssociacaoBrasileiraBeneficenteAslan","article_modified_time":"2024-07-18T15:57:04+00:00","og_image":[{"url":"https:\/\/abbabrasil.org.br\/wp-content\/uploads\/2022\/10\/Imagem1.png","type":"","width":"","height":""}],"twitter_card":"summary_large_image","twitter_misc":{"Est. reading time":"9 minutes"},"schema":{"@context":"https:\/\/schema.org","@graph":[{"@type":"WebPage","@id":"https:\/\/abbabrasil.org.br\/en\/politica-de-direito-dos-titulares\/","url":"https:\/\/abbabrasil.org.br\/en\/politica-de-direito-dos-titulares\/","name":"Pol\u00edtica de Direito dos Titulares | ABBA Brasil","isPartOf":{"@id":"https:\/\/abbabrasil.org.br\/en\/#website"},"primaryImageOfPage":{"@id":"https:\/\/abbabrasil.org.br\/en\/politica-de-direito-dos-titulares\/#primaryimage"},"image":{"@id":"https:\/\/abbabrasil.org.br\/en\/politica-de-direito-dos-titulares\/#primaryimage"},"thumbnailUrl":"https:\/\/abbabrasil.org.br\/wp-content\/uploads\/2022\/10\/Imagem1.png","datePublished":"2023-12-29T15:13:39+00:00","dateModified":"2024-07-18T15:57:04+00:00","description":"Conhe\u00e7a a pol\u00edtica de direitos dos titulares da ABBA Brasil e veja como garantimos a transpar\u00eancia e prote\u00e7\u00e3o dos seus dados.","breadcrumb":{"@id":"https:\/\/abbabrasil.org.br\/en\/politica-de-direito-dos-titulares\/#breadcrumb"},"inLanguage":"en-US","potentialAction":[{"@type":"ReadAction","target":["https:\/\/abbabrasil.org.br\/en\/politica-de-direito-dos-titulares\/"]}]},{"@type":"ImageObject","inLanguage":"en-US","@id":"https:\/\/abbabrasil.org.br\/en\/politica-de-direito-dos-titulares\/#primaryimage","url":"https:\/\/abbabrasil.org.br\/wp-content\/uploads\/2022\/10\/Imagem1.png","contentUrl":"https:\/\/abbabrasil.org.br\/wp-content\/uploads\/2022\/10\/Imagem1.png"},{"@type":"BreadcrumbList","@id":"https:\/\/abbabrasil.org.br\/en\/politica-de-direito-dos-titulares\/#breadcrumb","itemListElement":[{"@type":"ListItem","position":1,"name":"In\u00edcio","item":"https:\/\/abbabrasil.org.br\/"},{"@type":"ListItem","position":2,"name":"Pol\u00edtica de Direito dos Titulares"}]},{"@type":"WebSite","@id":"https:\/\/abbabrasil.org.br\/en\/#website","url":"https:\/\/abbabrasil.org.br\/en\/","name":"Abba Brasil","description":"Servindo crian\u00e7as, adolescentes e jovens","publisher":{"@id":"https:\/\/abbabrasil.org.br\/en\/#organization"},"alternateName":"Abba","potentialAction":[{"@type":"SearchAction","target":{"@type":"EntryPoint","urlTemplate":"https:\/\/abbabrasil.org.br\/en\/?s={search_term_string}"},"query-input":{"@type":"PropertyValueSpecification","valueRequired":true,"valueName":"search_term_string"}}],"inLanguage":"en-US"},{"@type":"Organization","@id":"https:\/\/abbabrasil.org.br\/en\/#organization","name":"Abba","alternateName":"Abba","url":"https:\/\/abbabrasil.org.br\/en\/","logo":{"@type":"ImageObject","inLanguage":"en-US","@id":"https:\/\/abbabrasil.org.br\/en\/#\/schema\/logo\/image\/","url":"https:\/\/abbabrasil.org.br\/wp-content\/uploads\/2023\/11\/cropped-favicon-abba.webp","contentUrl":"https:\/\/abbabrasil.org.br\/wp-content\/uploads\/2023\/11\/cropped-favicon-abba.webp","width":512,"height":512,"caption":"Abba"},"image":{"@id":"https:\/\/abbabrasil.org.br\/en\/#\/schema\/logo\/image\/"},"sameAs":["https:\/\/www.facebook.com\/AssociacaoBrasileiraBeneficenteAslan","https:\/\/www.instagram.com\/abba.brasil\/"]}]}},"_links":{"self":[{"href":"https:\/\/abbabrasil.org.br\/en\/wp-json\/wp\/v2\/pages\/2046","targetHints":{"allow":["GET"]}}],"collection":[{"href":"https:\/\/abbabrasil.org.br\/en\/wp-json\/wp\/v2\/pages"}],"about":[{"href":"https:\/\/abbabrasil.org.br\/en\/wp-json\/wp\/v2\/types\/page"}],"author":[{"embeddable":true,"href":"https:\/\/abbabrasil.org.br\/en\/wp-json\/wp\/v2\/users\/1"}],"replies":[{"embeddable":true,"href":"https:\/\/abbabrasil.org.br\/en\/wp-json\/wp\/v2\/comments?post=2046"}],"version-history":[{"count":0,"href":"https:\/\/abbabrasil.org.br\/en\/wp-json\/wp\/v2\/pages\/2046\/revisions"}],"wp:attachment":[{"href":"https:\/\/abbabrasil.org.br\/en\/wp-json\/wp\/v2\/media?parent=2046"}],"curies":[{"name":"wp","href":"https:\/\/api.w.org\/{rel}","templated":true}]}}